{"id":17053,"date":"2021-07-22T13:20:35","date_gmt":"2021-07-22T13:20:35","guid":{"rendered":"http:\/\/unhz.local\/fakulteti-i-biznesit\/?page_id=17053"},"modified":"2026-02-06T15:16:26","modified_gmt":"2026-02-06T13:16:26","slug":"about-us","status":"publish","type":"page","link":"https:\/\/unhz.eu\/fakulteti-juridik\/en\/about-us\/","title":{"rendered":"About Us"},"content":{"rendered":"<div data-elementor-type=\"wp-page\" data-elementor-id=\"17053\" class=\"elementor elementor-17053\" data-elementor-post-type=\"page\">\n\t\t\t\t\t\t<section class=\"elementor-section elementor-top-section elementor-element elementor-element-40bcb8d elementor-section-boxed elementor-section-height-default elementor-section-height-default sc_fly_static\" data-id=\"40bcb8d\" data-element_type=\"section\" data-e-type=\"section\" data-settings=\"{&quot;background_background&quot;:&quot;classic&quot;}\">\n\t\t\t\t\t\t\t<div class=\"elementor-background-overlay\"><\/div>\n\t\t\t\t\t\t\t<div class=\"elementor-container elementor-column-gap-extended\">\n\t\t\t\t\t<div class=\"elementor-column elementor-col-100 elementor-top-column elementor-element elementor-element-637e497 sc_content_align_inherit sc_layouts_column_icons_position_left sc_fly_static\" data-id=\"637e497\" data-element_type=\"column\" data-e-type=\"column\">\n\t\t\t<div class=\"elementor-widget-wrap elementor-element-populated\">\n\t\t\t\t\t\t<div class=\"elementor-element elementor-element-db01001 sc_height_huge sc_fly_static elementor-widget elementor-widget-spacer\" data-id=\"db01001\" data-element_type=\"widget\" data-e-type=\"widget\" data-widget_type=\"spacer.default\">\n\t\t\t\t<div class=\"elementor-widget-container\">\n\t\t\t\t\t\t\t<div class=\"elementor-spacer\">\n\t\t\t<div class=\"elementor-spacer-inner\"><\/div>\n\t\t<\/div>\n\t\t\t\t\t\t<\/div>\n\t\t\t\t<\/div>\n\t\t\t\t\t<\/div>\n\t\t<\/div>\n\t\t\t\t\t<\/div>\n\t\t<\/section>\n\t\t\t\t<section class=\"elementor-section elementor-top-section elementor-element elementor-element-d8d17ea elementor-section-boxed elementor-section-height-default elementor-section-height-default sc_fly_static\" data-id=\"d8d17ea\" data-element_type=\"section\" data-e-type=\"section\">\n\t\t\t\t\t\t<div class=\"elementor-container elementor-column-gap-wider\">\n\t\t\t\t\t<div class=\"elementor-column elementor-col-100 elementor-top-column elementor-element elementor-element-22b1eeb sc_content_align_inherit sc_layouts_column_icons_position_left sc_fly_static\" data-id=\"22b1eeb\" data-element_type=\"column\" data-e-type=\"column\">\n\t\t\t<div class=\"elementor-widget-wrap elementor-element-populated\">\n\t\t\t\t\t\t<div class=\"elementor-element elementor-element-e1fdb1c sc_fly_static elementor-widget elementor-widget-trx_sc_title\" data-id=\"e1fdb1c\" data-element_type=\"widget\" data-e-type=\"widget\" data-widget_type=\"trx_sc_title.default\">\n\t\t\t\t<div class=\"elementor-widget-container\">\n\t\t\t\t\t<div\t\tclass=\"sc_title sc_title_default\" ><h2 class=\"sc_item_title sc_title_title sc_item_title_style_default sc_item_title_tag\"\n\t\t\t><span class=\"sc_item_title_text\">Faculty history<\/span><\/h2><\/div>\t\t\t\t<\/div>\n\t\t\t\t<\/div>\n\t\t\t\t<div class=\"elementor-element elementor-element-4cad0c7 sc_fly_static elementor-widget elementor-widget-spacer\" data-id=\"4cad0c7\" data-element_type=\"widget\" data-e-type=\"widget\" data-widget_type=\"spacer.default\">\n\t\t\t\t<div class=\"elementor-widget-container\">\n\t\t\t\t\t\t\t<div class=\"elementor-spacer\">\n\t\t\t<div class=\"elementor-spacer-inner\"><\/div>\n\t\t<\/div>\n\t\t\t\t\t\t<\/div>\n\t\t\t\t<\/div>\n\t\t\t\t<div class=\"elementor-element elementor-element-c22a90b sc_fly_static elementor-widget elementor-widget-text-editor\" data-id=\"c22a90b\" data-element_type=\"widget\" data-e-type=\"widget\" data-widget_type=\"text-editor.default\">\n\t\t\t\t<div class=\"elementor-widget-container\">\n\t\t\t\t\t\t\t\t\t<p>The idea of \u200b\u200bestablishing a law faculty in Peja has been linked and inseparable from the very establishment of this university. In this function, the management and staff of the Faculty of Applied Business Sciences, as the bearer of the entire process of establishing the new university, since the beginning of 2009, in order to create a clearer picture of what would be the same success with their successful academic functionality and functions. existed, the Faculty of Law is listed. The arguments were impossible. They were linked to the fact that historically Peja has been the main center of the Dukagjini Region and in the long (6) decades of this city have been located in the final trial and prosecutorial. In this territory, district courts and municipal courts have functioned in the cities mentioned above. It has also been organized with public prosecutors. According to the division of functional competencies in Gjakova, the Economic Court has also functioned. In the Dukagjini Region there have been and are many state administration institutions, professional institutions, professional associations, lawyers, bailiffs, records, etc., and the increase in the number of commercial companies that need other lawyers. Based on all these requirements, considering that the university of this state in this great direction, in this case also with the recommendations in the Feasibility report of Professor St Bristow from the British Council for Medicine of the Ministry of Education, Science and Technology, will orient from the field of business, tourism management, the center of attention to the center of attention. university teaching programs and making it a unique body with an integrative focus for parts of the programs of other faculties related to different fields. The idea of \u200b\u200ba multidisciplinary approach put the law faculty in the place of a prominent partner for the exchange of knowledge at high levels in areas of interest.<\/p>\t\t\t\t\t\t\t\t<\/div>\n\t\t\t\t<\/div>\n\t\t\t\t\t<\/div>\n\t\t<\/div>\n\t\t\t\t\t<\/div>\n\t\t<\/section>\n\t\t\t\t<section class=\"elementor-section elementor-top-section elementor-element elementor-element-4836693 elementor-section-boxed elementor-section-height-default elementor-section-height-default sc_fly_static\" data-id=\"4836693\" data-element_type=\"section\" data-e-type=\"section\">\n\t\t\t\t\t\t<div class=\"elementor-container elementor-column-gap-wider\">\n\t\t\t\t\t<div class=\"elementor-column elementor-col-100 elementor-top-column elementor-element elementor-element-dfeb309 sc_content_align_inherit sc_layouts_column_icons_position_left sc_fly_static\" data-id=\"dfeb309\" data-element_type=\"column\" data-e-type=\"column\">\n\t\t\t<div class=\"elementor-widget-wrap elementor-element-populated\">\n\t\t\t\t\t\t<div class=\"elementor-element elementor-element-7b9d48a sc_fly_static elementor-widget elementor-widget-spacer\" data-id=\"7b9d48a\" data-element_type=\"widget\" data-e-type=\"widget\" data-widget_type=\"spacer.default\">\n\t\t\t\t<div class=\"elementor-widget-container\">\n\t\t\t\t\t\t\t<div class=\"elementor-spacer\">\n\t\t\t<div class=\"elementor-spacer-inner\"><\/div>\n\t\t<\/div>\n\t\t\t\t\t\t<\/div>\n\t\t\t\t<\/div>\n\t\t\t\t<div class=\"elementor-element elementor-element-d86d409 sc_fly_static elementor-widget elementor-widget-trx_sc_title\" data-id=\"d86d409\" data-element_type=\"widget\" data-e-type=\"widget\" data-widget_type=\"trx_sc_title.default\">\n\t\t\t\t<div class=\"elementor-widget-container\">\n\t\t\t\t\t<div\t\tclass=\"sc_title sc_title_default\" ><span class=\"sc_item_subtitle sc_title_subtitle sc_item_subtitle_above sc_item_title_style_default\">Branch of<\/span><h2 class=\"sc_item_title sc_title_title sc_item_title_style_default sc_item_title_tag\"\n\t\t\t><span class=\"sc_item_title_text\"> Faculty of Law in Peja<\/span><\/h2><\/div>\t\t\t\t<\/div>\n\t\t\t\t<\/div>\n\t\t\t\t<div class=\"elementor-element elementor-element-625562c sc_fly_static elementor-widget elementor-widget-spacer\" data-id=\"625562c\" data-element_type=\"widget\" data-e-type=\"widget\" data-widget_type=\"spacer.default\">\n\t\t\t\t<div class=\"elementor-widget-container\">\n\t\t\t\t\t\t\t<div class=\"elementor-spacer\">\n\t\t\t<div class=\"elementor-spacer-inner\"><\/div>\n\t\t<\/div>\n\t\t\t\t\t\t<\/div>\n\t\t\t\t<\/div>\n\t\t\t\t<div class=\"elementor-element elementor-element-df9c84c sc_fly_static elementor-widget elementor-widget-text-editor\" data-id=\"df9c84c\" data-element_type=\"widget\" data-e-type=\"widget\" data-widget_type=\"text-editor.default\">\n\t\t\t\t<div class=\"elementor-widget-container\">\n\t\t\t\t\t\t\t\t\t<p>The idea of \u200b\u200bestablishing a law faculty in Peja has been linked and inseparable from the very establishment of this university. In this function, the management and staff of the Faculty of Applied Business Sciences, as the bearer of the entire process of establishing the new university, since the beginning of 2009, in order to create a clearer picture of what would be the same success with their successful academic functionality and functions. existed, the Faculty of Law is listed. The arguments were impossible. They were linked to the fact that historically Peja has been the main center of the Dukagjini Region and in the long (6) decades of this city have been located in the final trial and prosecutorial. In this territory, district courts and municipal courts have functioned in the cities mentioned above. It has also been organized with public prosecutors. According to the division of functional competencies in Gjakova, the Economic Court has also functioned. In the Dukagjini Region there have been and are many state administration institutions, professional institutions, professional associations, lawyers, bailiffs, records, etc., and the increase in the number of commercial companies that need other lawyers. Based on all these requirements, considering that the university of this state in this great direction, in this case also with the recommendations in the Feasibility report of Professor St Bristow from the British Council for Medicine of the Ministry of Education, Science and Technology, will orient from the field of business, tourism management, the center of attention to the center of attention. university teaching programs and making it a unique body with an integrative focus for parts of the programs of other faculties related to different fields. The idea of \u200b\u200ba multidisciplinary approach put the law faculty in the place of a prominent partner for the exchange of knowledge at high levels in areas of interest.<\/p>\t\t\t\t\t\t\t\t<\/div>\n\t\t\t\t<\/div>\n\t\t\t\t\t<\/div>\n\t\t<\/div>\n\t\t\t\t\t<\/div>\n\t\t<\/section>\n\t\t\t\t<section class=\"elementor-section elementor-top-section elementor-element elementor-element-e0906a3 elementor-section-boxed elementor-section-height-default elementor-section-height-default sc_fly_static\" data-id=\"e0906a3\" data-element_type=\"section\" data-e-type=\"section\">\n\t\t\t\t\t\t<div class=\"elementor-container elementor-column-gap-wider\">\n\t\t\t\t\t<div class=\"elementor-column elementor-col-100 elementor-top-column elementor-element elementor-element-914db09 sc_content_align_inherit sc_layouts_column_icons_position_left sc_fly_static\" data-id=\"914db09\" data-element_type=\"column\" data-e-type=\"column\">\n\t\t\t<div class=\"elementor-widget-wrap elementor-element-populated\">\n\t\t\t\t\t\t<div class=\"elementor-element elementor-element-ca18ad7 sc_fly_static elementor-widget elementor-widget-spacer\" data-id=\"ca18ad7\" data-element_type=\"widget\" data-e-type=\"widget\" data-widget_type=\"spacer.default\">\n\t\t\t\t<div class=\"elementor-widget-container\">\n\t\t\t\t\t\t\t<div class=\"elementor-spacer\">\n\t\t\t<div class=\"elementor-spacer-inner\"><\/div>\n\t\t<\/div>\n\t\t\t\t\t\t<\/div>\n\t\t\t\t<\/div>\n\t\t\t\t<div class=\"elementor-element elementor-element-613e6e7 sc_fly_static elementor-widget elementor-widget-trx_sc_title\" data-id=\"613e6e7\" data-element_type=\"widget\" data-e-type=\"widget\" data-widget_type=\"trx_sc_title.default\">\n\t\t\t\t<div class=\"elementor-widget-container\">\n\t\t\t\t\t<div\t\tclass=\"sc_title sc_title_default\" ><h2 class=\"sc_item_title sc_title_title sc_item_title_style_default sc_item_title_tag\"\n\t\t\t><span class=\"sc_item_title_text\">infrastructure<\/span><\/h2><\/div>\t\t\t\t<\/div>\n\t\t\t\t<\/div>\n\t\t\t\t<div class=\"elementor-element elementor-element-8c64684 sc_fly_static elementor-widget elementor-widget-spacer\" data-id=\"8c64684\" data-element_type=\"widget\" data-e-type=\"widget\" data-widget_type=\"spacer.default\">\n\t\t\t\t<div class=\"elementor-widget-container\">\n\t\t\t\t\t\t\t<div class=\"elementor-spacer\">\n\t\t\t<div class=\"elementor-spacer-inner\"><\/div>\n\t\t<\/div>\n\t\t\t\t\t\t<\/div>\n\t\t\t\t<\/div>\n\t\t\t\t<div class=\"elementor-element elementor-element-de94706 sc_fly_static elementor-widget elementor-widget-text-editor\" data-id=\"de94706\" data-element_type=\"widget\" data-e-type=\"widget\" data-widget_type=\"text-editor.default\">\n\t\t\t\t<div class=\"elementor-widget-container\">\n\t\t\t\t\t\t\t\t\t<p>The beginning of lectures of the Faculty of Law of the University of Pristina in Peja, in the premises of the Faculty of Applied Sciences, has held classes for three semesters, namely from 01.10.2010 to 01.02.2012. On 22.10.2010, the Ministry of the Security Force of the Republic of Kosovo, through the minutes, informs the Ministry of Public Administration that the premises of the Barracks in Peja have been released from its personnel and equipment. The Secretary of the Ministry of Public Administration informs the Ministry of Security that it does not possess the material and human capacities for its management. On 31.01.2011, the Ministry of Security Force hands over these premises to the Municipality of Peja. The Municipality, after forming the acceptance commission for this parcel and its premises, immediately hands it over to the Dean of the Faculty of Applied Business Sciences. Immediately after taking possession of this area and buildings, with funds from the ASFAB, within the University of Pristina, with a part of the fund created by the Municipalities of Peja \u20ac50,000, Istog \u20ac20,000, Klina \u20ac10,000, De\u00e7an \u20ac10,000, and Junik \u20ac10,000, which had remained unspent in the renovation and expansion of the ASFAB spaces, (<em>All of this fund was transferred to the UP Budget and was spent through tendering procedures by the UP procurement office.<\/em>and a large part of the benches and chairs used by the Faculty of Economics which are donated to the FSHAB, the conditions are created for the second semester of the academic year 2011\/2012 with a capacity of 500 seats to begin work and teaching in the current premises where this faculty is located. After this phase of more difficulties and a great lack of funds but with the help of companies and people of good will, it is achieved that the rest of this building which was being prepared to house the other two faculties, that of arts and agribusiness, is gradually functionalized. It should be noted that UHZ has been allocated a budget for the 2013 budget year for the first time. Therefore, the most difficult period for financing the needs, salaries and wages for the entire UHZ staff was the time 01.10.2012 - 10.01.2013.<\/p>\t\t\t\t\t\t\t\t<\/div>\n\t\t\t\t<\/div>\n\t\t\t\t\t<\/div>\n\t\t<\/div>\n\t\t\t\t\t<\/div>\n\t\t<\/section>\n\t\t\t\t<section class=\"elementor-section elementor-top-section elementor-element elementor-element-af055e3 elementor-section-boxed elementor-section-height-default elementor-section-height-default sc_fly_static\" data-id=\"af055e3\" data-element_type=\"section\" data-e-type=\"section\">\n\t\t\t\t\t\t<div class=\"elementor-container elementor-column-gap-wider\">\n\t\t\t\t\t<div class=\"elementor-column elementor-col-100 elementor-top-column elementor-element elementor-element-4e672ae sc_content_align_inherit sc_layouts_column_icons_position_left sc_fly_static\" data-id=\"4e672ae\" data-element_type=\"column\" data-e-type=\"column\">\n\t\t\t<div class=\"elementor-widget-wrap elementor-element-populated\">\n\t\t\t\t\t\t<div class=\"elementor-element elementor-element-ebab921 sc_fly_static elementor-widget elementor-widget-spacer\" data-id=\"ebab921\" data-element_type=\"widget\" data-e-type=\"widget\" data-widget_type=\"spacer.default\">\n\t\t\t\t<div class=\"elementor-widget-container\">\n\t\t\t\t\t\t\t<div class=\"elementor-spacer\">\n\t\t\t<div class=\"elementor-spacer-inner\"><\/div>\n\t\t<\/div>\n\t\t\t\t\t\t<\/div>\n\t\t\t\t<\/div>\n\t\t\t\t<div class=\"elementor-element elementor-element-f1270ca sc_fly_static elementor-widget elementor-widget-trx_sc_title\" data-id=\"f1270ca\" data-element_type=\"widget\" data-e-type=\"widget\" data-widget_type=\"trx_sc_title.default\">\n\t\t\t\t<div class=\"elementor-widget-container\">\n\t\t\t\t\t<div\t\tclass=\"sc_title sc_title_default\" ><h2 class=\"sc_item_title sc_title_title sc_item_title_style_default sc_item_title_tag\"\n\t\t\t><span class=\"sc_item_title_text\">Founded <\/span><\/h2><span class=\"sc_item_subtitle sc_title_subtitle sc_item_subtitle_below sc_item_title_style_default\">of the Faculty of Law<\/span><\/div>\t\t\t\t<\/div>\n\t\t\t\t<\/div>\n\t\t\t\t<div class=\"elementor-element elementor-element-8c65f32 sc_fly_static elementor-widget elementor-widget-spacer\" data-id=\"8c65f32\" data-element_type=\"widget\" data-e-type=\"widget\" data-widget_type=\"spacer.default\">\n\t\t\t\t<div class=\"elementor-widget-container\">\n\t\t\t\t\t\t\t<div class=\"elementor-spacer\">\n\t\t\t<div class=\"elementor-spacer-inner\"><\/div>\n\t\t<\/div>\n\t\t\t\t\t\t<\/div>\n\t\t\t\t<\/div>\n\t\t\t\t<div class=\"elementor-element elementor-element-30caf89 sc_fly_static elementor-widget elementor-widget-text-editor\" data-id=\"30caf89\" data-element_type=\"widget\" data-e-type=\"widget\" data-widget_type=\"text-editor.default\">\n\t\t\t\t<div class=\"elementor-widget-container\">\n\t\t\t\t\t\t\t\t\t<p>Three moments are important for the establishment of this faculty. First, the Decision of the Minister of MEST No. 434\/1 B, 14.11. 2011: Second, the Decision of the Minister of MEST with no. 435\/01B dated 14.11.2012 for the appointment of the Temporary Governing Council and third, the signing of the Temporary Statute of the University \u201cHaxhi Zeka\u201d, dated 06.01.2012. The draft Statute was submitted for approval to the Minister of MEST by the Temporary Governing Council of UHZ. On the occasion of the signing of this temporary act, specifically in Article 26, it is regulated that the Faculty of Law is an academic unit of UHZ.\u00a0<u>Andaj data e themelimit t\u00eb Fakultetit Juridik t\u00eb UHZ \u2013s\u00eb \u00ebsht\u00eb 06.01.2012.<\/u><\/p><p>From 14.11.2011, the process of establishing academic units from the management of the Faculty of Arts and Sciences is transferred to the competence of the Interim Governing Council of the University of Hvar. Even after all the activities and commitments, many other tasks had to be completed before the faculty could begin its work. It continues in three directions.<\/p><p>First, the Interim Governing Council of UHZ begins negotiations with the management and the Governing Council of the University of Prishtina for the transfer of the Faculty of Applied Business Sciences and the branch of the Faculty of Law within UHZ. The Governing Council of UP, on 19.07.2012, issued decision no. 2\/48, which in the first point of the provision allows the full transfer of the Faculty of Applied Business Sciences in Peja and the branch of the Faculty of Law of UP within the Public University \"Haxhi Zeka\" in Peja and in the second point of the provision, the Governing Council of UP agrees that the details of the transfer between the two Universities will be made by agreement of understanding and with the participation of MEST. For the implementation of this agreement, after a series of negotiations on the modalities of the separation, with the help of experts and MEST. On 22.08.2012, the Tripartite Agreement of Understanding was concluded between MEST, the University of Pristina and \"Haxhi Zeka\" University, protocoled at MEST under the number 01 B 5825. In this way, the institutional separation between these two universities is finally made.<\/p><p>Second, the engagement of the group of professionals to prepare the program for the accreditation process and the task of the Temporary Council of UHZ to open the public competition for the admission of regular staff to the Faculty of Law, these are very challenging processes. In June 2012, the Faculty of Law prepared the program for accreditation which, due to the preservation of the continuity of the program which was now being implemented by the Law Department of UP, remains almost the same. The Kosovo Accreditation Agency on 06. July 2012, successfully accredited this program for a one-year period. This short-term accreditation in the decision of the Kosovo Accreditation Agency with no. 437\/12 dated 09.07.2012, is justified because at the moment UHZ did not yet have a clear legal status.<\/p><p>Third, the Temporary Governing Council of UHZ prepares the public competition for the admission of five (5) professors. In the absence of funds for the publication of the competition, the assistance of the Rector of UP is requested, so that this competition is published in the name and account of UHZ. Of course, every time and at any moment ready for help, UP publishes the competition in question on 28.07.2012. The Provisional Governing Council, in the absence of the Senate, as the only authorized body for the establishment of the UHZ, only for this time, until the conditions for the establishment of the Provisional Senate are created, appoints the Review Commissions with competence, publishes the reports received from them in the bulletin created for the first time and, in accordance with the provisions of the Provisional Statute of the UHZ, for the first time in this faculty accepts two (2) assistant professors and three (3) lecturers in regular employment as follows: Dr.sc. Kol\u00eb Krasniqi, prof.ass, Dr.sc. Fejzullah Berisha, prof.ass, Mr.sc. Majlinda Belegu, lecturer, Bashkim Rrahmani, Lecturer and Mr.sc. Muj\u00eb Ukaj, Lecturer.<\/p><p>On 29.09.2012, the Temporary Governing Council, at its VI meeting, appointed Dr.sc. Kol\u00eb Krasniqi \u2013 Acting Dean and Mr.sc. Majlinda Belegu \u2013 Lecturer Acting Vice-Dean at the Faculty of Law.<\/p><p>In July, the competition for the admission of new students to the Faculty of Law of the University of Hvar opens and, after all this, on 01.10.2012, the Faculty of Law begins its work, believing that it will never stop.<\/p><p>After a successful one-year work and the Approval of the Statute of the \"Haxhi Zeka\" University by the Assembly of the Republic of Kosovo on May 30, 2013, the Faculty of Law applies again to the Kosovo Accreditation Agency for continued accreditation and by decision of this agency, the program is accredited for three (3) years (from October 1, 2013 to September 30, 2016).<\/p><p>The reasons why the UHZ Faculty of Law program was not designed in the way it was intended were, firstly, the fact of the obligation taken to continue the continuity and implementation of the program like the UP Faculty of Law program, secondly, the pronounced lack of academic staff to reflect on this vision, and finally, the lack of support from academic and professional circles with the reasoning that this action is auspicious. However, after this, hopes remain alive that in the future this faculty will function and take on the role as intended at the beginning of this process.<\/p>\t\t\t\t\t\t\t\t<\/div>\n\t\t\t\t<\/div>\n\t\t\t\t\t<\/div>\n\t\t<\/div>\n\t\t\t\t\t<\/div>\n\t\t<\/section>\n\t\t\t\t<section class=\"elementor-section elementor-top-section elementor-element elementor-element-fabd26e elementor-section-boxed elementor-section-height-default elementor-section-height-default sc_fly_static\" data-id=\"fabd26e\" data-element_type=\"section\" data-e-type=\"section\" data-settings=\"{&quot;background_background&quot;:&quot;classic&quot;}\">\n\t\t\t\t\t\t\t<div class=\"elementor-background-overlay\"><\/div>\n\t\t\t\t\t\t\t<div class=\"elementor-container elementor-column-gap-extended\">\n\t\t\t\t\t<div class=\"elementor-column elementor-col-100 elementor-top-column elementor-element elementor-element-0fcc728 sc_content_align_inherit sc_layouts_column_icons_position_left sc_fly_static\" data-id=\"0fcc728\" data-element_type=\"column\" data-e-type=\"column\">\n\t\t\t<div class=\"elementor-widget-wrap elementor-element-populated\">\n\t\t\t\t\t\t<div class=\"elementor-element elementor-element-be6baea sc_height_huge sc_fly_static elementor-widget elementor-widget-spacer\" data-id=\"be6baea\" data-element_type=\"widget\" data-e-type=\"widget\" data-widget_type=\"spacer.default\">\n\t\t\t\t<div class=\"elementor-widget-container\">\n\t\t\t\t\t\t\t<div class=\"elementor-spacer\">\n\t\t\t<div class=\"elementor-spacer-inner\"><\/div>\n\t\t<\/div>\n\t\t\t\t\t\t<\/div>\n\t\t\t\t<\/div>\n\t\t\t\t\t<\/div>\n\t\t<\/div>\n\t\t\t\t\t<\/div>\n\t\t<\/section>\n\t\t\t\t<\/div>","protected":false},"excerpt":{"rendered":"<p>Historiku Ideja p\u00ebr themelimin e nj\u00eb fakulteti juridik n\u00eb Pej\u00eb ka qen\u00eb e lidhur ngusht\u00eb dhe e pa ndashme me vet themelimin e k\u00ebtij universiteti. N\u00eb k\u00ebt\u00eb funksion, menaxhmenti dhe&hellip;<\/p>","protected":false},"author":1,"featured_media":0,"parent":0,"menu_order":0,"comment_status":"closed","ping_status":"closed","template":"","meta":{"footnotes":""},"class_list":["post-17053","page","type-page","status-publish","hentry"],"yoast_head":"<!-- This site is optimized with the Yoast SEO Premium plugin v27.2 (Yoast SEO v27.2) - https:\/\/yoast.com\/product\/yoast-seo-premium-wordpress\/ -->\n<title>Rreth Fakultetit Juridik | Universiteti \u201cHaxhi Zeka\u201d \u2013 Pedagogji &amp; M\u00ebsim<\/title>\n<meta name=\"description\" content=\"N\u00eb Fakultetin Juridik t\u00eb Universitetit \u201cHaxhi Zeka\u201d ofrohen programe m\u00ebsimore juridike, staf akademik profesional dhe mund\u00ebsi zhvillimi p\u00ebr student\u00eb. M\u00ebso m\u00eb shum\u00eb rreth nesh.\" \/>\n<meta name=\"robots\" content=\"index, follow, max-snippet:-1, max-image-preview:large, max-video-preview:-1\" \/>\n<link rel=\"canonical\" href=\"https:\/\/unhz.eu\/fakulteti-juridik\/en\/about-us\/\" \/>\n<meta property=\"og:locale\" content=\"en_US\" \/>\n<meta property=\"og:type\" content=\"article\" \/>\n<meta property=\"og:title\" content=\"About Us\" \/>\n<meta property=\"og:description\" content=\"N\u00eb Fakultetin Juridik t\u00eb Universitetit \u201cHaxhi Zeka\u201d ofrohen programe m\u00ebsimore juridike, staf akademik profesional dhe mund\u00ebsi zhvillimi p\u00ebr student\u00eb. M\u00ebso m\u00eb shum\u00eb rreth nesh.\" \/>\n<meta property=\"og:url\" content=\"https:\/\/unhz.eu\/fakulteti-juridik\/en\/about-us\/\" \/>\n<meta property=\"og:site_name\" content=\"Fakulteti Juridik\" \/>\n<meta property=\"article:modified_time\" content=\"2026-02-06T13:16:26+00:00\" \/>\n<meta name=\"twitter:card\" content=\"summary_large_image\" \/>\n<meta name=\"twitter:label1\" content=\"Est. reading time\" \/>\n\t<meta name=\"twitter:data1\" content=\"11 minutes\" \/>\n<script type=\"application\/ld+json\" class=\"yoast-schema-graph\">{\"@context\":\"https:\/\/schema.org\",\"@graph\":[{\"@type\":\"WebPage\",\"@id\":\"https:\/\/unhz.eu\/fakulteti-juridik\/about-us\/\",\"url\":\"https:\/\/unhz.eu\/fakulteti-juridik\/about-us\/\",\"name\":\"Rreth Fakultetit Juridik | Universiteti \u201cHaxhi Zeka\u201d \u2013 Pedagogji & M\u00ebsim\",\"isPartOf\":{\"@id\":\"https:\/\/unhz.eu\/fakulteti-juridik\/#website\"},\"datePublished\":\"2021-07-22T13:20:35+00:00\",\"dateModified\":\"2026-02-06T13:16:26+00:00\",\"description\":\"N\u00eb Fakultetin Juridik t\u00eb Universitetit \u201cHaxhi Zeka\u201d ofrohen programe m\u00ebsimore juridike, staf akademik profesional dhe mund\u00ebsi zhvillimi p\u00ebr student\u00eb. M\u00ebso m\u00eb shum\u00eb rreth nesh.\",\"breadcrumb\":{\"@id\":\"https:\/\/unhz.eu\/fakulteti-juridik\/about-us\/#breadcrumb\"},\"inLanguage\":\"en-US\",\"potentialAction\":[{\"@type\":\"ReadAction\",\"target\":[\"https:\/\/unhz.eu\/fakulteti-juridik\/about-us\/\"]}]},{\"@type\":\"BreadcrumbList\",\"@id\":\"https:\/\/unhz.eu\/fakulteti-juridik\/about-us\/#breadcrumb\",\"itemListElement\":[{\"@type\":\"ListItem\",\"position\":1,\"name\":\"Home\",\"item\":\"https:\/\/unhz.eu\/fakulteti-juridik\/\"},{\"@type\":\"ListItem\",\"position\":2,\"name\":\"About Us\"}]},{\"@type\":\"WebSite\",\"@id\":\"https:\/\/unhz.eu\/fakulteti-juridik\/#website\",\"url\":\"https:\/\/unhz.eu\/fakulteti-juridik\/\",\"name\":\"Fakulteti Juridik\",\"description\":\"I dedikuar p\u00ebr cil\u00ebsi standarde dhe suksese\",\"publisher\":{\"@id\":\"https:\/\/unhz.eu\/fakulteti-juridik\/#organization\"},\"potentialAction\":[{\"@type\":\"SearchAction\",\"target\":{\"@type\":\"EntryPoint\",\"urlTemplate\":\"https:\/\/unhz.eu\/fakulteti-juridik\/?s={search_term_string}\"},\"query-input\":{\"@type\":\"PropertyValueSpecification\",\"valueRequired\":true,\"valueName\":\"search_term_string\"}}],\"inLanguage\":\"en-US\"},{\"@type\":\"Organization\",\"@id\":\"https:\/\/unhz.eu\/fakulteti-juridik\/#organization\",\"name\":\"Fakulteti Juridik\",\"url\":\"https:\/\/unhz.eu\/fakulteti-juridik\/\",\"logo\":{\"@type\":\"ImageObject\",\"inLanguage\":\"en-US\",\"@id\":\"https:\/\/unhz.eu\/fakulteti-juridik\/#\/schema\/logo\/image\/\",\"url\":\"https:\/\/unhz.eu\/fakulteti-juridik\/wp-content\/uploads\/sites\/9\/2024\/02\/cropped-logo-1-1-e1713527702695.png\",\"contentUrl\":\"https:\/\/unhz.eu\/fakulteti-juridik\/wp-content\/uploads\/sites\/9\/2024\/02\/cropped-logo-1-1-e1713527702695.png\",\"width\":100,\"height\":100,\"caption\":\"Fakulteti Juridik\"},\"image\":{\"@id\":\"https:\/\/unhz.eu\/fakulteti-juridik\/#\/schema\/logo\/image\/\"}}]}<\/script>\n<!-- \/ Yoast SEO Premium plugin. -->","yoast_head_json":{"title":"Rreth Fakultetit Juridik | Universiteti \u201cHaxhi Zeka\u201d \u2013 Pedagogji & M\u00ebsim","description":"N\u00eb Fakultetin Juridik t\u00eb Universitetit \u201cHaxhi Zeka\u201d ofrohen programe m\u00ebsimore juridike, staf akademik profesional dhe mund\u00ebsi zhvillimi p\u00ebr student\u00eb. M\u00ebso m\u00eb shum\u00eb rreth nesh.","robots":{"index":"index","follow":"follow","max-snippet":"max-snippet:-1","max-image-preview":"max-image-preview:large","max-video-preview":"max-video-preview:-1"},"canonical":"https:\/\/unhz.eu\/fakulteti-juridik\/en\/about-us\/","og_locale":"en_US","og_type":"article","og_title":"About Us","og_description":"N\u00eb Fakultetin Juridik t\u00eb Universitetit \u201cHaxhi Zeka\u201d ofrohen programe m\u00ebsimore juridike, staf akademik profesional dhe mund\u00ebsi zhvillimi p\u00ebr student\u00eb. M\u00ebso m\u00eb shum\u00eb rreth nesh.","og_url":"https:\/\/unhz.eu\/fakulteti-juridik\/en\/about-us\/","og_site_name":"Fakulteti Juridik","article_modified_time":"2026-02-06T13:16:26+00:00","twitter_card":"summary_large_image","twitter_misc":{"Est. reading time":"11 minutes"},"schema":{"@context":"https:\/\/schema.org","@graph":[{"@type":"WebPage","@id":"https:\/\/unhz.eu\/fakulteti-juridik\/about-us\/","url":"https:\/\/unhz.eu\/fakulteti-juridik\/about-us\/","name":"Rreth Fakultetit Juridik | Universiteti \u201cHaxhi Zeka\u201d \u2013 Pedagogji & M\u00ebsim","isPartOf":{"@id":"https:\/\/unhz.eu\/fakulteti-juridik\/#website"},"datePublished":"2021-07-22T13:20:35+00:00","dateModified":"2026-02-06T13:16:26+00:00","description":"N\u00eb Fakultetin Juridik t\u00eb Universitetit \u201cHaxhi Zeka\u201d ofrohen programe m\u00ebsimore juridike, staf akademik profesional dhe mund\u00ebsi zhvillimi p\u00ebr student\u00eb. M\u00ebso m\u00eb shum\u00eb rreth nesh.","breadcrumb":{"@id":"https:\/\/unhz.eu\/fakulteti-juridik\/about-us\/#breadcrumb"},"inLanguage":"en-US","potentialAction":[{"@type":"ReadAction","target":["https:\/\/unhz.eu\/fakulteti-juridik\/about-us\/"]}]},{"@type":"BreadcrumbList","@id":"https:\/\/unhz.eu\/fakulteti-juridik\/about-us\/#breadcrumb","itemListElement":[{"@type":"ListItem","position":1,"name":"Home","item":"https:\/\/unhz.eu\/fakulteti-juridik\/"},{"@type":"ListItem","position":2,"name":"About Us"}]},{"@type":"WebSite","@id":"https:\/\/unhz.eu\/fakulteti-juridik\/#website","url":"https:\/\/unhz.eu\/fakulteti-juridik\/","name":"Faculy of Law","description":"Dedicated to standard quality and success","publisher":{"@id":"https:\/\/unhz.eu\/fakulteti-juridik\/#organization"},"potentialAction":[{"@type":"SearchAction","target":{"@type":"EntryPoint","urlTemplate":"https:\/\/unhz.eu\/fakulteti-juridik\/?s={search_term_string}"},"query-input":{"@type":"PropertyValueSpecification","valueRequired":true,"valueName":"search_term_string"}}],"inLanguage":"en-US"},{"@type":"Organization","@id":"https:\/\/unhz.eu\/fakulteti-juridik\/#organization","name":"Faculy of Law","url":"https:\/\/unhz.eu\/fakulteti-juridik\/","logo":{"@type":"ImageObject","inLanguage":"en-US","@id":"https:\/\/unhz.eu\/fakulteti-juridik\/#\/schema\/logo\/image\/","url":"https:\/\/unhz.eu\/fakulteti-juridik\/wp-content\/uploads\/sites\/9\/2024\/02\/cropped-logo-1-1-e1713527702695.png","contentUrl":"https:\/\/unhz.eu\/fakulteti-juridik\/wp-content\/uploads\/sites\/9\/2024\/02\/cropped-logo-1-1-e1713527702695.png","width":100,"height":100,"caption":"Fakulteti Juridik"},"image":{"@id":"https:\/\/unhz.eu\/fakulteti-juridik\/#\/schema\/logo\/image\/"}}]}},"_links":{"self":[{"href":"https:\/\/unhz.eu\/fakulteti-juridik\/en\/wp-json\/wp\/v2\/pages\/17053","targetHints":{"allow":["GET"]}}],"collection":[{"href":"https:\/\/unhz.eu\/fakulteti-juridik\/en\/wp-json\/wp\/v2\/pages"}],"about":[{"href":"https:\/\/unhz.eu\/fakulteti-juridik\/en\/wp-json\/wp\/v2\/types\/page"}],"author":[{"embeddable":true,"href":"https:\/\/unhz.eu\/fakulteti-juridik\/en\/wp-json\/wp\/v2\/users\/1"}],"replies":[{"embeddable":true,"href":"https:\/\/unhz.eu\/fakulteti-juridik\/en\/wp-json\/wp\/v2\/comments?post=17053"}],"version-history":[{"count":1,"href":"https:\/\/unhz.eu\/fakulteti-juridik\/en\/wp-json\/wp\/v2\/pages\/17053\/revisions"}],"predecessor-version":[{"id":51010,"href":"https:\/\/unhz.eu\/fakulteti-juridik\/en\/wp-json\/wp\/v2\/pages\/17053\/revisions\/51010"}],"wp:attachment":[{"href":"https:\/\/unhz.eu\/fakulteti-juridik\/en\/wp-json\/wp\/v2\/media?parent=17053"}],"curies":[{"name":"wp","href":"https:\/\/api.w.org\/{rel}","templated":true}]}}